{"id":64253,"date":"2024-10-30T10:23:08","date_gmt":"2024-10-30T10:23:08","guid":{"rendered":"https:\/\/kellerwest.wpenginepowered.com\/personalvermittlung-fuer-it-projektmanagement\/"},"modified":"2024-10-30T10:53:07","modified_gmt":"2024-10-30T10:53:07","slug":"it-projektmanagement-recruitment","status":"publish","type":"page","link":"https:\/\/www.kellerwest.com\/de\/it-projektmanagement-recruitment\/","title":{"rendered":"Personalvermittlung f\u00fcr IT Projektmanagement"},"content":{"rendered":"\n<div class=\"wp-block-group alignfull has-black-05-background-color has-background is-layout-constrained wp-block-group-is-layout-constrained\">\n<div class=\"wp-block-columns alignwide is-layout-flex wp-container-core-columns-is-layout-28f84493 wp-block-columns-is-layout-flex\">\n<div class=\"wp-block-column is-layout-flow wp-block-column-is-layout-flow\">\n<h1 class=\"wp-block-heading\" id=\"professional-services\">IT Projekt-management Recruitment<\/h1>\n<\/div>\n\n\n\n<div class=\"wp-block-column is-layout-flow wp-block-column-is-layout-flow\">\n<p><\/p>\n<\/div>\n<\/div>\n<\/div>\n\n\n\n<div class=\"wp-block-media-text alignwide is-stacked-on-mobile has-media-on-the-right\"><figure class=\"wp-block-media-text__media\"><img loading=\"lazy\" decoding=\"async\" width=\"1024\" height=\"684\" src=\"https:\/\/www.kellerwest.com\/wp-content\/uploads\/2024\/09\/iStock-821860368-copy-1024x684.jpg\" alt=\"\" class=\"wp-image-64131 size-full\" srcset=\"https:\/\/www.kellerwest.com\/wp-content\/uploads\/2024\/09\/iStock-821860368-copy-1024x684.jpg 1024w, https:\/\/www.kellerwest.com\/wp-content\/uploads\/2024\/09\/iStock-821860368-copy-300x200.jpg 300w, https:\/\/www.kellerwest.com\/wp-content\/uploads\/2024\/09\/iStock-821860368-copy-768x513.jpg 768w, https:\/\/www.kellerwest.com\/wp-content\/uploads\/2024\/09\/iStock-821860368-copy-1536x1025.jpg 1536w, https:\/\/www.kellerwest.com\/wp-content\/uploads\/2024\/09\/iStock-821860368-copy-2048x1367.jpg 2048w\" sizes=\"(max-width: 1024px) 100vw, 1024px\" \/><\/figure><div class=\"wp-block-media-text__content\">\n<h2 class=\"wp-block-heading is-style-eyebrow-no-border has-brand-1-color has-text-color\" id=\"explore-professional-services\">Erfahren Sie mehr \u00fcber IT Projektmanagement Recruitment<\/h2>\n\n\n\n<div class=\"wp-block-buttons is-layout-flex wp-block-buttons-is-layout-flex\">\n<div class=\"wp-block-button is-style-arrow\"><a class=\"wp-block-button__link has-white-background-color has-background wp-element-button\" href=\"https:\/\/www.kellerwest.com\/job-enquiry\/\">IT Projektmanagement Jobs<\/a><\/div>\n\n\n\n<div class=\"wp-block-button is-style-arrow\"><a class=\"wp-block-button__link has-white-background-color has-background wp-element-button\" href=\"#itprojecthire\">Sie stellen ein?<\/a><\/div>\n\n\n\n<div class=\"wp-block-button is-style-arrow\"><a class=\"wp-block-button__link has-white-background-color has-background wp-element-button\" href=\"https:\/\/www.kellerwest.com\/de\/kontakt\/\">Nehmen Sie Kontakt mit uns auf<\/a><\/div>\n<\/div>\n\n\n\n<hr class=\"wp-block-separator has-text-color has-black-05-color has-css-opacity has-black-05-background-color has-background is-style-divider\"\/>\n\n\n\n<p>Projektmanagement ist das Herzst\u00fcck erfolgreicher Gesch\u00e4ftsabl\u00e4ufe, und wir m\u00f6chten Sie mit Professionals in Kontakt bringen, die herausragend in diesem wichtigen Bereich sind.<\/p>\n\n\n\n<p>Unsere Personalvermittlungsdienstleistungen decken ein breites Spektrum an Projektmanagementfunktionen ab und stellen sicher, dass Sie \u00fcber die n\u00f6tige F\u00fchrung und Expertise verf\u00fcgen, um Ihre Projekte zum Erfolg zu f\u00fchren.<\/p>\n\n\n\n<p>Wir sind spezialisiert auf die Vermittlung von Kandidat*innen in Positionen wie:<\/p>\n<\/div><\/div>\n\n\n\n<div class=\"wp-block-group alignfull is-layout-constrained wp-block-group-is-layout-constrained\">\n<div class=\"wp-block-columns alignwide is-layout-flex wp-container-core-columns-is-layout-28f84493 wp-block-columns-is-layout-flex\">\n<div class=\"wp-block-column is-layout-flow wp-block-column-is-layout-flow\">\n<div class=\"wp-block-media-text alignwide is-stacked-on-mobile is-vertically-aligned-top is-style-timeline\"><figure class=\"wp-block-media-text__media\"><img loading=\"lazy\" decoding=\"async\" width=\"1024\" height=\"683\" src=\"https:\/\/www.kellerwest.com\/wp-content\/uploads\/2024\/09\/iStock-1271655126-copy-1024x683.jpg\" alt=\"\" class=\"wp-image-64133 size-full\" srcset=\"https:\/\/www.kellerwest.com\/wp-content\/uploads\/2024\/09\/iStock-1271655126-copy-1024x683.jpg 1024w, https:\/\/www.kellerwest.com\/wp-content\/uploads\/2024\/09\/iStock-1271655126-copy-300x200.jpg 300w, https:\/\/www.kellerwest.com\/wp-content\/uploads\/2024\/09\/iStock-1271655126-copy-768x513.jpg 768w, https:\/\/www.kellerwest.com\/wp-content\/uploads\/2024\/09\/iStock-1271655126-copy-1536x1025.jpg 1536w, https:\/\/www.kellerwest.com\/wp-content\/uploads\/2024\/09\/iStock-1271655126-copy-2048x1367.jpg 2048w\" sizes=\"(max-width: 1024px) 100vw, 1024px\" \/><\/figure><div class=\"wp-block-media-text__content\">\n<h2 class=\"wp-block-heading is-style-eyebrow-no-border\" id=\"h-\"><\/h2>\n\n\n\n<div class=\"wp-block-group has-black-05-background-color has-background is-layout-constrained wp-block-group-is-layout-constrained\">\n<h2 class=\"wp-block-heading has-large-font-size\" id=\"h-strategy-development-managers\"><strong><mark style=\"background-color:rgba(0, 0, 0, 0)\" class=\"has-inline-color has-brand-1-color\">Strategy Development Managers <\/mark><\/strong><\/h2>\n\n\n\n<p>Diese Professionals arbeiten auf h\u00f6chster Ebene an der Entwicklung und Umsetzung von Gesch\u00e4ftsstrategien, die mit Ihren langfristigen Zielen \u00fcbereinstimmen. Sie sind in der Lage, Markttrends zu analysieren, Risiken einzusch\u00e4tzen und Organisationen bei komplexen Entscheidungen zu begleiten. <\/p>\n<\/div>\n<\/div><\/div>\n\n\n\n<div class=\"wp-block-media-text alignwide has-media-on-the-right is-stacked-on-mobile is-vertically-aligned-top is-style-timeline\"><div class=\"wp-block-media-text__content\">\n<h2 class=\"wp-block-heading is-style-eyebrow-no-border\" id=\"h-\"><\/h2>\n\n\n\n<div class=\"wp-block-group has-black-05-background-color has-background is-layout-constrained wp-block-group-is-layout-constrained\">\n<h2 class=\"wp-block-heading has-large-font-size\" id=\"h-project-managers\"><strong><mark style=\"background-color:rgba(0, 0, 0, 0)\" class=\"has-inline-color has-brand-1-color\">Project Managers<\/mark><\/strong><\/h2>\n\n\n\n<p>Manager*innen sind f\u00fcr den Erfolg eines jeden Projekts unerl\u00e4sslich und beaufsichtigen alle Aspekte von der Planung bis zur Ausf\u00fchrung. Sie koordinieren die Teams, verwalten die Budgets und sorgen daf\u00fcr, dass die Projekte p\u00fcnktlich und innerhalb des Umfangs geliefert werden. <\/p>\n<\/div>\n<\/div><figure class=\"wp-block-media-text__media\"><img loading=\"lazy\" decoding=\"async\" width=\"1024\" height=\"683\" src=\"https:\/\/www.kellerwest.com\/wp-content\/uploads\/2024\/09\/iStock-1382428898-copy-1024x683.jpg\" alt=\"\" class=\"wp-image-64135 size-full\" srcset=\"https:\/\/www.kellerwest.com\/wp-content\/uploads\/2024\/09\/iStock-1382428898-copy-1024x683.jpg 1024w, https:\/\/www.kellerwest.com\/wp-content\/uploads\/2024\/09\/iStock-1382428898-copy-300x200.jpg 300w, https:\/\/www.kellerwest.com\/wp-content\/uploads\/2024\/09\/iStock-1382428898-copy-768x512.jpg 768w, https:\/\/www.kellerwest.com\/wp-content\/uploads\/2024\/09\/iStock-1382428898-copy-1536x1024.jpg 1536w\" sizes=\"(max-width: 1024px) 100vw, 1024px\" \/><\/figure><\/div>\n\n\n\n<div class=\"wp-block-media-text alignwide is-stacked-on-mobile is-vertically-aligned-top is-style-timeline\"><figure class=\"wp-block-media-text__media\"><img loading=\"lazy\" decoding=\"async\" width=\"1024\" height=\"659\" src=\"https:\/\/www.kellerwest.com\/wp-content\/uploads\/2024\/09\/GettyImages-1633491911-copy-1024x659.jpg\" alt=\"\" class=\"wp-image-64061 size-full\" srcset=\"https:\/\/www.kellerwest.com\/wp-content\/uploads\/2024\/09\/GettyImages-1633491911-copy-1024x659.jpg 1024w, https:\/\/www.kellerwest.com\/wp-content\/uploads\/2024\/09\/GettyImages-1633491911-copy-300x193.jpg 300w, https:\/\/www.kellerwest.com\/wp-content\/uploads\/2024\/09\/GettyImages-1633491911-copy-768x494.jpg 768w, https:\/\/www.kellerwest.com\/wp-content\/uploads\/2024\/09\/GettyImages-1633491911-copy-1536x988.jpg 1536w, https:\/\/www.kellerwest.com\/wp-content\/uploads\/2024\/09\/GettyImages-1633491911-copy-2048x1317.jpg 2048w\" sizes=\"(max-width: 1024px) 100vw, 1024px\" \/><\/figure><div class=\"wp-block-media-text__content\">\n<h2 class=\"wp-block-heading is-style-eyebrow-no-border\" id=\"h-\"><\/h2>\n\n\n\n<div class=\"wp-block-group has-black-05-background-color has-background is-layout-constrained wp-block-group-is-layout-constrained\">\n<h2 class=\"wp-block-heading has-large-font-size\" id=\"h-scrum-masters-und-product-owners\"><strong><mark style=\"background-color:rgba(0, 0, 0, 0)\" class=\"has-inline-color has-brand-1-color\">Scrum Masters und Product Owners<\/mark><\/strong><\/h2>\n\n\n\n<p>In agilen Umgebungen erleichtern Scrum Master den agilen Prozess und sorgen daf\u00fcr, dass sich die Teams an die besten Praktiken halten. Product Owner setzen Priorit\u00e4ten f\u00fcr das Product Backlog und sorgen daf\u00fcr, dass das Entwicklungsteam den maximalen Wert liefert. <\/p>\n<\/div>\n<\/div><\/div>\n\n\n\n<div class=\"wp-block-media-text alignwide has-media-on-the-right is-stacked-on-mobile is-vertically-aligned-top is-style-timeline\"><div class=\"wp-block-media-text__content\">\n<h2 class=\"wp-block-heading is-style-eyebrow-no-border\" id=\"h-\"><\/h2>\n\n\n\n<div class=\"wp-block-group has-black-05-background-color has-background is-layout-constrained wp-block-group-is-layout-constrained\">\n<h2 class=\"wp-block-heading has-large-font-size\" id=\"h-change-managers\"><strong><mark style=\"background-color:rgba(0, 0, 0, 0)\" class=\"has-inline-color has-brand-1-color\">Change Managers<\/mark><\/strong><\/h2>\n\n\n\n<p>Change Manager*innen sind f\u00fcr das Management der menschlichen Seite des Wandels verantwortlich und stellen sicher, dass die organisatorischen \u00dcberg\u00e4nge reibungslos verlaufen und Ihre Mitarbeitenden w\u00e4hrend des gesamten Prozesses unterst\u00fctzt werden. Ihr Fachwissen ist entscheidend, um St\u00f6rungen zu minimieren und die Akzeptanz zu maximieren. <\/p>\n<\/div>\n<\/div><figure class=\"wp-block-media-text__media\"><img loading=\"lazy\" decoding=\"async\" width=\"1024\" height=\"562\" src=\"https:\/\/www.kellerwest.com\/wp-content\/uploads\/2024\/09\/iStock-1477074717-copy-1024x562.jpg\" alt=\"\" class=\"wp-image-64137 size-full\" srcset=\"https:\/\/www.kellerwest.com\/wp-content\/uploads\/2024\/09\/iStock-1477074717-copy-1024x562.jpg 1024w, https:\/\/www.kellerwest.com\/wp-content\/uploads\/2024\/09\/iStock-1477074717-copy-300x165.jpg 300w, https:\/\/www.kellerwest.com\/wp-content\/uploads\/2024\/09\/iStock-1477074717-copy-768x421.jpg 768w, https:\/\/www.kellerwest.com\/wp-content\/uploads\/2024\/09\/iStock-1477074717-copy-1536x842.jpg 1536w, https:\/\/www.kellerwest.com\/wp-content\/uploads\/2024\/09\/iStock-1477074717-copy-2048x1123.jpg 2048w\" sizes=\"(max-width: 1024px) 100vw, 1024px\" \/><\/figure><\/div>\n\n\n\n<div class=\"wp-block-media-text alignwide is-stacked-on-mobile is-vertically-aligned-top is-style-timeline\"><figure class=\"wp-block-media-text__media\"><img loading=\"lazy\" decoding=\"async\" width=\"1024\" height=\"683\" src=\"https:\/\/www.kellerwest.com\/wp-content\/uploads\/2024\/09\/pexels-alexander-suhorucov-6457488-copy-1024x683.jpg\" alt=\"\" class=\"wp-image-64139 size-full\" srcset=\"https:\/\/www.kellerwest.com\/wp-content\/uploads\/2024\/09\/pexels-alexander-suhorucov-6457488-copy-1024x683.jpg 1024w, https:\/\/www.kellerwest.com\/wp-content\/uploads\/2024\/09\/pexels-alexander-suhorucov-6457488-copy-300x200.jpg 300w, https:\/\/www.kellerwest.com\/wp-content\/uploads\/2024\/09\/pexels-alexander-suhorucov-6457488-copy-768x512.jpg 768w, https:\/\/www.kellerwest.com\/wp-content\/uploads\/2024\/09\/pexels-alexander-suhorucov-6457488-copy-1536x1024.jpg 1536w, https:\/\/www.kellerwest.com\/wp-content\/uploads\/2024\/09\/pexels-alexander-suhorucov-6457488-copy-2048x1365.jpg 2048w\" sizes=\"(max-width: 1024px) 100vw, 1024px\" \/><\/figure><div class=\"wp-block-media-text__content\">\n<h2 class=\"wp-block-heading is-style-eyebrow-no-border\" id=\"h-\"><\/h2>\n\n\n\n<div class=\"wp-block-group has-black-05-background-color has-background is-layout-constrained wp-block-group-is-layout-constrained\">\n<h2 class=\"wp-block-heading has-large-font-size\" id=\"h-risk-managers\"><strong><mark style=\"background-color:rgba(0, 0, 0, 0)\" class=\"has-inline-color has-brand-1-color\">Risk Managers<\/mark><\/strong><\/h2>\n\n\n\n<p>Diese Professionals identifizieren, bewerten und mindern Risiken bei Projekten und Operationen. Sie spielen eine Schl\u00fcsselrolle, wenn es darum geht sicherzustellen, dass potenzielle Probleme angegangen werden, bevor sie sich auf die Projektergebnisse auswirken k\u00f6nnen. <\/p>\n<\/div>\n<\/div><\/div>\n<\/div>\n<\/div>\n<\/div>\n\n\n\n<div class=\"wp-block-group alignwide is-nowrap is-layout-flex wp-container-core-group-is-layout-f66f9956 wp-block-group-is-layout-flex\">\n<div class=\"wp-block-columns alignwide is-layout-flex wp-container-core-columns-is-layout-28f84493 wp-block-columns-is-layout-flex\">\n<div class=\"wp-block-column is-layout-flow wp-block-column-is-layout-flow\">\n<p>Unsere Personalvermittlungsdienstleistungen f\u00fcr das Management von IT Projekten sind auf die spezifischen Bed\u00fcrfnisse Ihres Unternehmens zugeschnitten.<\/p>\n\n\n\n<p>Wir wissen, dass ein erfolgreiches Projektmanagement eine Kombination aus F\u00fchrungsqualit\u00e4ten, technischem Wissen und strategischem Verst\u00e4ndnis erfordert. Wir helfen Ihnen dabei, Kandidat*innen zu finden, die in all diesen Bereichen hervorragend sind.<\/p>\n<\/div>\n<\/div>\n<\/div>\n\n\n\n<div class=\"wp-block-group alignwide has-sr-black-background-color has-background is-layout-constrained wp-block-group-is-layout-constrained\" id=\"itprojecthire\">\n<div class=\"wp-block-columns alignwide is-layout-flex wp-container-core-columns-is-layout-28f84493 wp-block-columns-is-layout-flex\">\n<div class=\"wp-block-column is-layout-flow wp-block-column-is-layout-flow\">\n<h2 class=\"wp-block-heading alignwide is-style-eyebrow has-white-color has-text-color has-link-color wp-elements-36a1d5160f2f91e910bb16cf92c5286a\">Sie stellen ein?<\/h2>\n<\/div>\n<\/div>\n\n\n\n<div class=\"wp-block-group alignwide has-black-05-background-color has-background is-layout-constrained wp-block-group-is-layout-constrained\">\n<script charset=\"utf-8\" type=\"text\/javascript\" src=\"\/\/js-eu1.hsforms.net\/forms\/embed\/v2.js\"><\/script><script>hbspt.forms.create({\n    region: \"eu1\",\n    portalId: \"26669168\",\n    formId: \"49b48e23-afad-4eb8-be65-22c0a2e06551\"\n  });\n<\/script>\n<\/div>\n<\/div>\n\n\n\n\t<div class=\"hd-block hd-block-people alignwide is-slider\" id=\"block_a20f69d827396b21510204a38c1622cc\" data-total=\"1\">\n\n\t\t\n\t\t\t<div class=\"eyebrow-group\">\n\n\t\t\t\t\t\t\t\t\t<h3 class=\"hd-block-job__title is-style-eyebrow eyebrow-group__title\">Unser Team<\/h3>\n\t\t\t\t\t\n\t\t\t<\/div>\n\n\t\t\t\n\t\t<div class=\"cards cards--people\">\n\n\t\t\t\n<div class=\"card card--person post-64730 hd_person type-hd_person status-publish has-post-thumbnail hentry hd_person_location-deutschland\" id=\"block_a20f69d827396b21510204a38c1622cc-person-64730\">\n\n\t<div class=\"card--person__inner\">\n\n\t\t\n\t\t\t<figure class=\"card__image-wrapper\">\n\t\t\t\t<a href=\"https:\/\/www.kellerwest.com\/de\/consultants\/rachael-crocker\/\"><img loading=\"lazy\" decoding=\"async\" width=\"300\" height=\"300\" src=\"https:\/\/www.kellerwest.com\/wp-content\/uploads\/2025\/04\/Rachael-Crocker-1-300x300.jpg\" class=\"card__image test\" alt=\"\" sizes=\"(max-width: 600px) 100vw, (max-width: 781px) 50vw, (max-width: 1023px) 40vw, (max-width: 1200px) 25vw, 370px\" srcset=\"https:\/\/www.kellerwest.com\/wp-content\/uploads\/2025\/04\/Rachael-Crocker-1-300x300.jpg 300w, https:\/\/www.kellerwest.com\/wp-content\/uploads\/2025\/04\/Rachael-Crocker-1-150x150.jpg 150w, https:\/\/www.kellerwest.com\/wp-content\/uploads\/2025\/04\/Rachael-Crocker-1-768x768.jpg 768w, https:\/\/www.kellerwest.com\/wp-content\/uploads\/2025\/04\/Rachael-Crocker-1.jpg 1000w\" \/><\/a>\t\t\t<\/figure>\n\n\t\t\t\t\t\t<div class=\"card__titles\">\n\t\t\t\t\t\t\t<h2 class=\"card__title\"><a href=\"https:\/\/www.kellerwest.com\/de\/consultants\/rachael-crocker\/\">Rachael Crocker<\/a><\/h2>\n\t\t\t\t\t\t\t\t<h3 class=\"card__subtitle\"><a href=\"https:\/\/www.kellerwest.com\/de\/consultants\/rachael-crocker\/\">Managing Director | Head of Europe<\/a><\/h3>\n\t\t\t\t\t\t\t<\/div>\n\t\t\t\t\t\t<div class=\"card__location\">Deutschland<\/div>\n\t\t\t\t\t\t<div class=\"card__email\">\n\t\t\t\t<a class=\"card__contact-link card__contact-link--email\" href=\"mailto:rachaelcrocker@thesrgroup.com\">rachaelcrocker@thesrgroup.com<\/a>\n\t\t\t<\/div>\n\t\t\t\t\t\t<div class=\"card__tel\">\n\t\t\t\t<a class=\"card__contact-link card__contact-link--tel\" href=\"tel:+31208886271\">+31 20 888 6271<\/a>\n\t\t\t<\/div>\n\t\t\t\t\t\t<div class=\"card__linkedin\">\n\t\t\t\t<a class=\"card__contact-link card__contact-link--linkedin\" target=\"_blank\" href=\"https:\/\/www.linkedin.com\/in\/rachaeldcrocker\/\">Connect<\/a>\n\t\t\t<\/div>\n\t\t\t\n\t<\/div>\n\n<\/div>\n\n\n\t\t<\/div>\n\n\t<\/div>\n\n\t\n\n\n\t<div class=\"hd-block hd-block-posts is-template-grid alignwide\" id=\"block_cc06f724154e9c991b9803b2cef81023\">\n\n\t\t\n\t\t\t<div class=\"eyebrow-group\">\n\n\t\t\t\t\t\t\t\t\t<h3 class=\"hd-block-job__title is-style-eyebrow eyebrow-group__title\">Mehr entdecken<\/h3>\n\t\t\t\t\t\n\t\t\t<\/div>\n\n\t\t\t\n\t\t<div class=\"cards cards--posts\">\n\n\t\t\t\n<div class=\"card card--post post-64834 post type-post status-publish format-standard has-post-thumbnail hentry category-hiring-advice_de\" id=\"block_cc06f724154e9c991b9803b2cef81023-job-64834\">\n\n\t<a class=\"card__link\" href=\"https:\/\/www.kellerwest.com\/de\/hiring-advice_de\/inclusive-recruitment-in-private-equity-backed-companies\/\">\n\n\t\t\n\t\t\t<div class=\"card__image-wrapper\">\n\n\t\t\t\t<img loading=\"lazy\" decoding=\"async\" width=\"300\" height=\"225\" src=\"https:\/\/www.kellerwest.com\/wp-content\/uploads\/2026\/02\/Detail_Joyful-group-interacting-around-office-table_iStock-1395144844-1-300x225.jpg\" class=\"card__image\" alt=\"\" sizes=\"(max-width: 481px) 100vw, (max-width: 599px) 50vw, (max-width: 1240px) 33vw, 370px\" srcset=\"https:\/\/www.kellerwest.com\/wp-content\/uploads\/2026\/02\/Detail_Joyful-group-interacting-around-office-table_iStock-1395144844-1-300x225.jpg 300w, https:\/\/www.kellerwest.com\/wp-content\/uploads\/2026\/02\/Detail_Joyful-group-interacting-around-office-table_iStock-1395144844-1-2048x1536.jpg 2048w, https:\/\/www.kellerwest.com\/wp-content\/uploads\/2026\/02\/Detail_Joyful-group-interacting-around-office-table_iStock-1395144844-1-1024x768.jpg 1024w, https:\/\/www.kellerwest.com\/wp-content\/uploads\/2026\/02\/Detail_Joyful-group-interacting-around-office-table_iStock-1395144844-1-768x576.jpg 768w\" \/>\n\t\t\t<\/div>\n\n\t\t\t\n\t\t\t<ul class=\"card__tags\">\n\n\t\t\t\t\t\t\t\t\t\t<li class=\"card__tag\"><\/li>\n\t\t\t\t\t\t\n\t\t\t<\/ul>\n\n\t\t\t\t\t\t<h4 class=\"card__title\">Inclusive recruitment in private equity\u00a0backed companies<\/h4>\n\t\t\t\n\t\t<ul class=\"meta__list\">\n\n\t\t\t\t\t\t\t<li class=\"card__published-date meta__item\"><span class=\"meta__item-label\">Posted<\/span> <span class=\"meta__item-value\">February 25, 2026<\/span><\/li>\n\t\t\t\t\n\t\t<\/ul>\n\n\t\t\t\t\t<div class=\"card__content\">If&nbsp;you\u2019re&nbsp;a&nbsp;senior leader in a private equity-backed business, talent is one of your biggest value creation levers. Your hiring decisions materially affect performance in private markets defined by speed,&nbsp;competition&nbsp;and scrutiny.&nbsp; Yet across many portfolio companies, inclusive hiring is a collection of disconnected initiatives rather than a deliberate,&nbsp;data driven&nbsp;DEI strategy tied to the bottom line.&nbsp;This gap can [&hellip;]<\/div>\n\t\t\t\n\t<\/a>\n\n<\/div>\n<div class=\"card card--post post-64816 post type-post status-publish format-standard has-post-thumbnail hentry category-germany category-market-insight\" id=\"block_cc06f724154e9c991b9803b2cef81023-job-64816\">\n\n\t<a class=\"card__link\" href=\"https:\/\/www.kellerwest.com\/de\/market-insight\/how-the-eu-pay-transparency-directive-will-transform-recruitment-in-germany\/\">\n\n\t\t\n\t\t\t<div class=\"card__image-wrapper\">\n\n\t\t\t\t<img loading=\"lazy\" decoding=\"async\" width=\"300\" height=\"225\" src=\"https:\/\/www.kellerwest.com\/wp-content\/uploads\/2025\/12\/Detail_Two-men-working-together-on-laptop_iStock-669887502-300x225.jpg\" class=\"card__image\" alt=\"\" sizes=\"(max-width: 481px) 100vw, (max-width: 599px) 50vw, (max-width: 1240px) 33vw, 370px\" srcset=\"https:\/\/www.kellerwest.com\/wp-content\/uploads\/2025\/12\/Detail_Two-men-working-together-on-laptop_iStock-669887502-300x225.jpg 300w, https:\/\/www.kellerwest.com\/wp-content\/uploads\/2025\/12\/Detail_Two-men-working-together-on-laptop_iStock-669887502-2048x1536.jpg 2048w, https:\/\/www.kellerwest.com\/wp-content\/uploads\/2025\/12\/Detail_Two-men-working-together-on-laptop_iStock-669887502-1024x768.jpg 1024w, https:\/\/www.kellerwest.com\/wp-content\/uploads\/2025\/12\/Detail_Two-men-working-together-on-laptop_iStock-669887502-768x576.jpg 768w\" \/>\n\t\t\t<\/div>\n\n\t\t\t\n\t\t\t<ul class=\"card__tags\">\n\n\t\t\t\t\t\t\t\t\t\t<li class=\"card__tag\"><\/li>\n\t\t\t\t\t\t\n\t\t\t<\/ul>\n\n\t\t\t\t\t\t<h4 class=\"card__title\">How the EU pay transparency directive will transform recruitment in Germany<\/h4>\n\t\t\t\n\t\t<ul class=\"meta__list\">\n\n\t\t\t\t\t\t\t<li class=\"card__published-date meta__item\"><span class=\"meta__item-label\">Posted<\/span> <span class=\"meta__item-value\">December 9, 2025<\/span><\/li>\n\t\t\t\t\n\t\t<\/ul>\n\n\t\t\t\t\t<div class=\"card__content\">Germany is entering a new era of pay transparency. The EU pay transparency directive, which must be implemented into German national law by 7 June 2026, will reshape recruitment processes, pay practices and employer brand strategies. For recruiters, this is a cultural shift toward fair and transparent pay, and equal pay for equal work. At [&hellip;]<\/div>\n\t\t\t\n\t<\/a>\n\n<\/div>\n<div class=\"card card--post post-64803 post type-post status-publish format-standard has-post-thumbnail hentry category-hiring-advice_de\" id=\"block_cc06f724154e9c991b9803b2cef81023-job-64803\">\n\n\t<a class=\"card__link\" href=\"https:\/\/www.kellerwest.com\/de\/hiring-advice_de\/rethinking-the-work-week-what-dutch-working-patterns-mean-for-your-hiring-strategy\/\">\n\n\t\t\n\t\t\t<div class=\"card__image-wrapper\">\n\n\t\t\t\t<img loading=\"lazy\" decoding=\"async\" width=\"300\" height=\"225\" src=\"https:\/\/www.kellerwest.com\/wp-content\/uploads\/2025\/09\/Detail_Standing-group-having-conversation_iStock-1497842973_compressed-300x225.jpg\" class=\"card__image\" alt=\"\" sizes=\"(max-width: 481px) 100vw, (max-width: 599px) 50vw, (max-width: 1240px) 33vw, 370px\" srcset=\"https:\/\/www.kellerwest.com\/wp-content\/uploads\/2025\/09\/Detail_Standing-group-having-conversation_iStock-1497842973_compressed-300x225.jpg 300w, https:\/\/www.kellerwest.com\/wp-content\/uploads\/2025\/09\/Detail_Standing-group-having-conversation_iStock-1497842973_compressed-2048x1536.jpg 2048w, https:\/\/www.kellerwest.com\/wp-content\/uploads\/2025\/09\/Detail_Standing-group-having-conversation_iStock-1497842973_compressed-1024x768.jpg 1024w, https:\/\/www.kellerwest.com\/wp-content\/uploads\/2025\/09\/Detail_Standing-group-having-conversation_iStock-1497842973_compressed-768x576.jpg 768w\" \/>\n\t\t\t<\/div>\n\n\t\t\t\n\t\t\t<ul class=\"card__tags\">\n\n\t\t\t\t\t\t\t\t\t\t<li class=\"card__tag\"><\/li>\n\t\t\t\t\t\t\n\t\t\t<\/ul>\n\n\t\t\t\t\t\t<h4 class=\"card__title\">Rethinking the work week: what Dutch working patterns mean for your hiring strategy<\/h4>\n\t\t\t\n\t\t<ul class=\"meta__list\">\n\n\t\t\t\t\t\t\t<li class=\"card__published-date meta__item\"><span class=\"meta__item-label\">Posted<\/span> <span class=\"meta__item-value\">September 25, 2025<\/span><\/li>\n\t\t\t\t\n\t\t<\/ul>\n\n\t\t\t\t\t<div class=\"card__content\">Across&nbsp;the Netherlands, a quiet shift is taking place. More professionals are working fewer&nbsp;working hours&nbsp;\u2013 not because of a national policy or corporate trend, but because it simply makes sense. The four-day&nbsp;working week is long debated in other countries, but it\u2019s becoming a practical reality for many&nbsp;Dutch employees. For employers, this shift presents an opportunity to [&hellip;]<\/div>\n\t\t\t\n\t<\/a>\n\n<\/div>\t\t\n\t\t<\/div>\n\n\t\t\n<\/div>\n\n\n\n<div class=\"wp-block-group alignfull has-white-color has-brand-1-background-color has-text-color has-background is-layout-constrained wp-block-group-is-layout-constrained\">\n<div class=\"wp-block-group alignwide is-layout-flow wp-block-group-is-layout-flow\">\n<h2 class=\"wp-block-heading is-style-eyebrow-no-border\" id=\"interested-in-learning-more\">Sie stellen ein?<\/h2>\n\n\n\n<div class=\"wp-block-buttons is-layout-flex wp-block-buttons-is-layout-flex\">\n<div class=\"wp-block-button is-style-cta-arrow\"><a class=\"wp-block-button__link has-white-color has-text-color wp-element-button\" href=\"https:\/\/www.kellerwest.com\/de\/kontakt\/\">Nehmen Sie Kontakt mit uns auf<\/a><\/div>\n<\/div>\n<\/div>\n<\/div>\n","protected":false},"excerpt":{"rendered":"<p>IT Projekt-management Recruitment Strategy Development Managers Diese Professionals arbeiten auf h\u00f6chster Ebene an der Entwicklung und Umsetzung von Gesch\u00e4ftsstrategien, die mit Ihren langfristigen Zielen \u00fcbereinstimmen. Sie sind in der Lage, Markttrends zu analysieren, Risiken einzusch\u00e4tzen und Organisationen bei komplexen Entscheidungen zu begleiten. Project Managers Manager*innen sind f\u00fcr den Erfolg eines jeden Projekts unerl\u00e4sslich und beaufsichtigen [&hellip;]<\/p>\n","protected":false},"author":376,"featured_media":0,"parent":0,"menu_order":0,"comment_status":"closed","ping_status":"closed","template":"","meta":{"_acf_changed":false,"footnotes":""},"class_list":["post-64253","page","type-page","status-publish","hentry"],"acf":[],"yoast_head":"<!-- This site is optimized with the Yoast SEO Premium plugin v25.4 (Yoast SEO v27.4) - https:\/\/yoast.com\/product\/yoast-seo-premium-wordpress\/ -->\n<title>Keller West&#039;s IT Projektmanagement Recruitment<\/title>\n<meta name=\"description\" content=\"Informieren Sie sich \u00fcber das breite Spektrum an Projektmanagement Positionen, die wir anbieten, um Ihre Projekte zum Erfolg zu f\u00fchren.\" \/>\n<meta name=\"robots\" content=\"index, follow, max-snippet:-1, max-image-preview:large, max-video-preview:-1\" \/>\n<link rel=\"canonical\" href=\"https:\/\/www.kellerwest.com\/de\/it-projektmanagement-recruitment\/\" \/>\n<meta property=\"og:locale\" content=\"de_DE\" \/>\n<meta property=\"og:type\" content=\"article\" \/>\n<meta property=\"og:title\" content=\"Personalvermittlung f\u00fcr IT Projektmanagement\" \/>\n<meta property=\"og:description\" content=\"Informieren Sie sich \u00fcber das breite Spektrum an Projektmanagement Positionen, die wir anbieten, um Ihre Projekte zum Erfolg zu f\u00fchren.\" \/>\n<meta property=\"og:url\" content=\"https:\/\/www.kellerwest.com\/de\/it-projektmanagement-recruitment\/\" \/>\n<meta property=\"og:site_name\" content=\"Keller West\" \/>\n<meta property=\"article:modified_time\" content=\"2024-10-30T10:53:07+00:00\" \/>\n<meta property=\"og:image\" content=\"https:\/\/www.kellerwest.com\/wp-content\/uploads\/2024\/09\/iStock-821860368-copy-scaled.jpg\" \/>\n\t<meta property=\"og:image:width\" content=\"2560\" \/>\n\t<meta property=\"og:image:height\" content=\"1709\" \/>\n\t<meta property=\"og:image:type\" content=\"image\/jpeg\" \/>\n<meta name=\"twitter:card\" content=\"summary_large_image\" \/>\n<meta name=\"twitter:label1\" content=\"Est. reading time\" \/>\n\t<meta name=\"twitter:data1\" content=\"3 minutes\" \/>\n<script type=\"application\/ld+json\" class=\"yoast-schema-graph\">{\"@context\":\"https:\\\/\\\/schema.org\",\"@graph\":[{\"@type\":\"WebPage\",\"@id\":\"https:\\\/\\\/www.kellerwest.com\\\/de\\\/it-projektmanagement-recruitment\\\/\",\"url\":\"https:\\\/\\\/www.kellerwest.com\\\/de\\\/it-projektmanagement-recruitment\\\/\",\"name\":\"Keller West's IT Projektmanagement Recruitment\",\"isPartOf\":{\"@id\":\"https:\\\/\\\/www.kellerwest.com\\\/#website\"},\"primaryImageOfPage\":{\"@id\":\"https:\\\/\\\/www.kellerwest.com\\\/de\\\/it-projektmanagement-recruitment\\\/#primaryimage\"},\"image\":{\"@id\":\"https:\\\/\\\/www.kellerwest.com\\\/de\\\/it-projektmanagement-recruitment\\\/#primaryimage\"},\"thumbnailUrl\":\"https:\\\/\\\/www.kellerwest.com\\\/wp-content\\\/uploads\\\/2024\\\/09\\\/iStock-821860368-copy-1024x684.jpg\",\"datePublished\":\"2024-10-30T10:23:08+00:00\",\"dateModified\":\"2024-10-30T10:53:07+00:00\",\"description\":\"Informieren Sie sich \u00fcber das breite Spektrum an Projektmanagement Positionen, die wir anbieten, um Ihre Projekte zum Erfolg zu f\u00fchren.\",\"breadcrumb\":{\"@id\":\"https:\\\/\\\/www.kellerwest.com\\\/de\\\/it-projektmanagement-recruitment\\\/#breadcrumb\"},\"inLanguage\":\"de-DE\",\"potentialAction\":[{\"@type\":\"ReadAction\",\"target\":[\"https:\\\/\\\/www.kellerwest.com\\\/de\\\/it-projektmanagement-recruitment\\\/\"]}]},{\"@type\":\"ImageObject\",\"inLanguage\":\"de-DE\",\"@id\":\"https:\\\/\\\/www.kellerwest.com\\\/de\\\/it-projektmanagement-recruitment\\\/#primaryimage\",\"url\":\"https:\\\/\\\/www.kellerwest.com\\\/wp-content\\\/uploads\\\/2024\\\/09\\\/iStock-821860368-copy-1024x684.jpg\",\"contentUrl\":\"https:\\\/\\\/www.kellerwest.com\\\/wp-content\\\/uploads\\\/2024\\\/09\\\/iStock-821860368-copy-1024x684.jpg\"},{\"@type\":\"BreadcrumbList\",\"@id\":\"https:\\\/\\\/www.kellerwest.com\\\/de\\\/it-projektmanagement-recruitment\\\/#breadcrumb\",\"itemListElement\":[{\"@type\":\"ListItem\",\"position\":1,\"name\":\"Home\",\"item\":\"https:\\\/\\\/www.kellerwest.com\\\/de\\\/\"},{\"@type\":\"ListItem\",\"position\":2,\"name\":\"Personalvermittlung f\u00fcr IT Projektmanagement\"}]},{\"@type\":\"WebSite\",\"@id\":\"https:\\\/\\\/www.kellerwest.com\\\/#website\",\"url\":\"https:\\\/\\\/www.kellerwest.com\\\/\",\"name\":\"Keller West\",\"description\":\"Globale Expertise im IT-Recruitment\",\"publisher\":{\"@id\":\"https:\\\/\\\/www.kellerwest.com\\\/#organization\"},\"potentialAction\":[{\"@type\":\"SearchAction\",\"target\":{\"@type\":\"EntryPoint\",\"urlTemplate\":\"https:\\\/\\\/www.kellerwest.com\\\/?s={search_term_string}\"},\"query-input\":{\"@type\":\"PropertyValueSpecification\",\"valueRequired\":true,\"valueName\":\"search_term_string\"}}],\"inLanguage\":\"de-DE\"},{\"@type\":\"Organization\",\"@id\":\"https:\\\/\\\/www.kellerwest.com\\\/#organization\",\"name\":\"Keller West\",\"url\":\"https:\\\/\\\/www.kellerwest.com\\\/\",\"logo\":{\"@type\":\"ImageObject\",\"inLanguage\":\"de-DE\",\"@id\":\"https:\\\/\\\/www.kellerwest.com\\\/#\\\/schema\\\/logo\\\/image\\\/\",\"url\":\"https:\\\/\\\/www.kellerwest.com\\\/wp-content\\\/uploads\\\/2023\\\/09\\\/Opengraph-Image-72.jpg\",\"contentUrl\":\"https:\\\/\\\/www.kellerwest.com\\\/wp-content\\\/uploads\\\/2023\\\/09\\\/Opengraph-Image-72.jpg\",\"width\":1024,\"height\":639,\"caption\":\"Keller West\"},\"image\":{\"@id\":\"https:\\\/\\\/www.kellerwest.com\\\/#\\\/schema\\\/logo\\\/image\\\/\"},\"sameAs\":[\"https:\\\/\\\/www.linkedin.com\\\/company\\\/keller-west\"]}]}<\/script>\n<!-- \/ Yoast SEO Premium plugin. -->","yoast_head_json":{"title":"Keller West's IT Projektmanagement Recruitment","description":"Informieren Sie sich \u00fcber das breite Spektrum an Projektmanagement Positionen, die wir anbieten, um Ihre Projekte zum Erfolg zu f\u00fchren.","robots":{"index":"index","follow":"follow","max-snippet":"max-snippet:-1","max-image-preview":"max-image-preview:large","max-video-preview":"max-video-preview:-1"},"canonical":"https:\/\/www.kellerwest.com\/de\/it-projektmanagement-recruitment\/","og_locale":"de_DE","og_type":"article","og_title":"Personalvermittlung f\u00fcr IT Projektmanagement","og_description":"Informieren Sie sich \u00fcber das breite Spektrum an Projektmanagement Positionen, die wir anbieten, um Ihre Projekte zum Erfolg zu f\u00fchren.","og_url":"https:\/\/www.kellerwest.com\/de\/it-projektmanagement-recruitment\/","og_site_name":"Keller West","article_modified_time":"2024-10-30T10:53:07+00:00","og_image":[{"width":2560,"height":1709,"url":"https:\/\/www.kellerwest.com\/wp-content\/uploads\/2024\/09\/iStock-821860368-copy-scaled.jpg","type":"image\/jpeg"}],"twitter_card":"summary_large_image","twitter_misc":{"Est. reading time":"3 minutes"},"schema":{"@context":"https:\/\/schema.org","@graph":[{"@type":"WebPage","@id":"https:\/\/www.kellerwest.com\/de\/it-projektmanagement-recruitment\/","url":"https:\/\/www.kellerwest.com\/de\/it-projektmanagement-recruitment\/","name":"Keller West's IT Projektmanagement Recruitment","isPartOf":{"@id":"https:\/\/www.kellerwest.com\/#website"},"primaryImageOfPage":{"@id":"https:\/\/www.kellerwest.com\/de\/it-projektmanagement-recruitment\/#primaryimage"},"image":{"@id":"https:\/\/www.kellerwest.com\/de\/it-projektmanagement-recruitment\/#primaryimage"},"thumbnailUrl":"https:\/\/www.kellerwest.com\/wp-content\/uploads\/2024\/09\/iStock-821860368-copy-1024x684.jpg","datePublished":"2024-10-30T10:23:08+00:00","dateModified":"2024-10-30T10:53:07+00:00","description":"Informieren Sie sich \u00fcber das breite Spektrum an Projektmanagement Positionen, die wir anbieten, um Ihre Projekte zum Erfolg zu f\u00fchren.","breadcrumb":{"@id":"https:\/\/www.kellerwest.com\/de\/it-projektmanagement-recruitment\/#breadcrumb"},"inLanguage":"de-DE","potentialAction":[{"@type":"ReadAction","target":["https:\/\/www.kellerwest.com\/de\/it-projektmanagement-recruitment\/"]}]},{"@type":"ImageObject","inLanguage":"de-DE","@id":"https:\/\/www.kellerwest.com\/de\/it-projektmanagement-recruitment\/#primaryimage","url":"https:\/\/www.kellerwest.com\/wp-content\/uploads\/2024\/09\/iStock-821860368-copy-1024x684.jpg","contentUrl":"https:\/\/www.kellerwest.com\/wp-content\/uploads\/2024\/09\/iStock-821860368-copy-1024x684.jpg"},{"@type":"BreadcrumbList","@id":"https:\/\/www.kellerwest.com\/de\/it-projektmanagement-recruitment\/#breadcrumb","itemListElement":[{"@type":"ListItem","position":1,"name":"Home","item":"https:\/\/www.kellerwest.com\/de\/"},{"@type":"ListItem","position":2,"name":"Personalvermittlung f\u00fcr IT Projektmanagement"}]},{"@type":"WebSite","@id":"https:\/\/www.kellerwest.com\/#website","url":"https:\/\/www.kellerwest.com\/","name":"Keller West","description":"Globale Expertise im IT-Recruitment","publisher":{"@id":"https:\/\/www.kellerwest.com\/#organization"},"potentialAction":[{"@type":"SearchAction","target":{"@type":"EntryPoint","urlTemplate":"https:\/\/www.kellerwest.com\/?s={search_term_string}"},"query-input":{"@type":"PropertyValueSpecification","valueRequired":true,"valueName":"search_term_string"}}],"inLanguage":"de-DE"},{"@type":"Organization","@id":"https:\/\/www.kellerwest.com\/#organization","name":"Keller West","url":"https:\/\/www.kellerwest.com\/","logo":{"@type":"ImageObject","inLanguage":"de-DE","@id":"https:\/\/www.kellerwest.com\/#\/schema\/logo\/image\/","url":"https:\/\/www.kellerwest.com\/wp-content\/uploads\/2023\/09\/Opengraph-Image-72.jpg","contentUrl":"https:\/\/www.kellerwest.com\/wp-content\/uploads\/2023\/09\/Opengraph-Image-72.jpg","width":1024,"height":639,"caption":"Keller West"},"image":{"@id":"https:\/\/www.kellerwest.com\/#\/schema\/logo\/image\/"},"sameAs":["https:\/\/www.linkedin.com\/company\/keller-west"]}]}},"_links":{"self":[{"href":"https:\/\/www.kellerwest.com\/de\/wp-json\/wp\/v2\/pages\/64253","targetHints":{"allow":["GET"]}}],"collection":[{"href":"https:\/\/www.kellerwest.com\/de\/wp-json\/wp\/v2\/pages"}],"about":[{"href":"https:\/\/www.kellerwest.com\/de\/wp-json\/wp\/v2\/types\/page"}],"author":[{"embeddable":true,"href":"https:\/\/www.kellerwest.com\/de\/wp-json\/wp\/v2\/users\/376"}],"replies":[{"embeddable":true,"href":"https:\/\/www.kellerwest.com\/de\/wp-json\/wp\/v2\/comments?post=64253"}],"version-history":[{"count":0,"href":"https:\/\/www.kellerwest.com\/de\/wp-json\/wp\/v2\/pages\/64253\/revisions"}],"wp:attachment":[{"href":"https:\/\/www.kellerwest.com\/de\/wp-json\/wp\/v2\/media?parent=64253"}],"curies":[{"name":"wp","href":"https:\/\/api.w.org\/{rel}","templated":true}]}}